{"version":"1.0","provider_name":"Intenso","provider_url":"https:\/\/www.intenso.se\/sv","title":"Har du \u00e5ldersnoja? | Intenso","type":"rich","width":600,"height":338,"html":"<blockquote class=\"wp-embedded-content\" data-secret=\"MCzTW67D3s\"><a href=\"https:\/\/www.intenso.se\/sv\/har-du-aldersnoja\">Har du \u00e5ldersnoja?<\/a><\/blockquote><iframe sandbox=\"allow-scripts\" security=\"restricted\" src=\"https:\/\/www.intenso.se\/sv\/har-du-aldersnoja\/embed#?secret=MCzTW67D3s\" width=\"600\" height=\"338\" title=\"\u201dHar du \u00e5ldersnoja?\u201d &ndash; Intenso\" data-secret=\"MCzTW67D3s\" frameborder=\"0\" marginwidth=\"0\" marginheight=\"0\" scrolling=\"no\" class=\"wp-embedded-content\"><\/iframe><script>\n\/*! This file is auto-generated *\/\n!function(d,l){\"use strict\";l.querySelector&&d.addEventListener&&\"undefined\"!=typeof URL&&(d.wp=d.wp||{},d.wp.receiveEmbedMessage||(d.wp.receiveEmbedMessage=function(e){var t=e.data;if((t||t.secret||t.message||t.value)&&!\/[^a-zA-Z0-9]\/.test(t.secret)){for(var s,r,n,a=l.querySelectorAll('iframe[data-secret=\"'+t.secret+'\"]'),o=l.querySelectorAll('blockquote[data-secret=\"'+t.secret+'\"]'),c=new RegExp(\"^https?:$\",\"i\"),i=0;i<o.length;i++)o[i].style.display=\"none\";for(i=0;i<a.length;i++)s=a[i],e.source===s.contentWindow&&(s.removeAttribute(\"style\"),\"height\"===t.message?(1e3<(r=parseInt(t.value,10))?r=1e3:~~r<200&&(r=200),s.height=r):\"link\"===t.message&&(r=new URL(s.getAttribute(\"src\")),n=new URL(t.value),c.test(n.protocol))&&n.host===r.host&&l.activeElement===s&&(d.top.location.href=t.value))}},d.addEventListener(\"message\",d.wp.receiveEmbedMessage,!1),l.addEventListener(\"DOMContentLoaded\",function(){for(var e,t,s=l.querySelectorAll(\"iframe.wp-embedded-content\"),r=0;r<s.length;r++)(t=(e=s[r]).getAttribute(\"data-secret\"))||(t=Math.random().toString(36).substring(2,12),e.src+=\"#?secret=\"+t,e.setAttribute(\"data-secret\",t)),e.contentWindow.postMessage({message:\"ready\",secret:t},\"*\")},!1)))}(window,document);\n\/\/# sourceURL=https:\/\/www.intenso.se\/wp-includes\/js\/wp-embed.min.js\n<\/script>\n","thumbnail_url":"https:\/\/www.intenso.se\/wp-content\/uploads\/2019\/03\/kunskapsbanken_bg_aldersnoja.jpg","thumbnail_width":1500,"thumbnail_height":750,"description":"Att tala om \u00e5lder vid en rekrytering kan vara ett k\u00e4nsligt och sv\u00e5rt \u00e4mne. Men f\u00f6r tusan. Hur kan det fortfarande vara en s\u00e5 avg\u00f6rande faktor. \u00c4r det inte en f\u00f6rlegad uppfattning om att det skall finnas en \u201d\u00e5ldersgr\u00e4ns\u201d p\u00e5 huruvida man kan klara av en arbetsuppgift? \u00c4r man verkligen \u201dung och hungrig\u201d? Kan man [&hellip;]"}